{"id":262,"date":"2022-12-11T20:36:06","date_gmt":"2022-12-11T19:36:06","guid":{"rendered":"https:\/\/atelierceramiqueterreensambre.be\/?page_id=262"},"modified":"2024-03-12T19:30:28","modified_gmt":"2024-03-12T18:30:28","slug":"informations","status":"publish","type":"page","link":"https:\/\/atelierceramiqueterreensambre.be\/?page_id=262","title":{"rendered":"Informations"},"content":{"rendered":"\t\t<div data-elementor-type=\"wp-page\" data-elementor-id=\"262\" class=\"elementor elementor-262\">\n\t\t\t\t\t\t\t\t\t<section class=\"elementor-section elementor-top-section elementor-element elementor-element-ee15304 elementor-section-boxed elementor-section-height-default elementor-section-height-default\" data-id=\"ee15304\" data-element_type=\"section\">\n\t\t\t\t\t\t<div class=\"elementor-container elementor-column-gap-default\">\n\t\t\t\t\t<div class=\"elementor-column elementor-col-100 elementor-top-column elementor-element elementor-element-1c350b1\" data-id=\"1c350b1\" data-element_type=\"column\">\n\t\t\t<div class=\"elementor-widget-wrap elementor-element-populated\">\n\t\t\t\t\t\t\t\t<div class=\"elementor-element elementor-element-ffc231b elementor-widget elementor-widget-text-editor\" data-id=\"ffc231b\" data-element_type=\"widget\" data-widget_type=\"text-editor.default\">\n\t\t\t\t<div class=\"elementor-widget-container\">\n\t\t\t<style>\/*! elementor - v3.9.2 - 21-12-2022 *\/\n.elementor-widget-text-editor.elementor-drop-cap-view-stacked .elementor-drop-cap{background-color:#818a91;color:#fff}.elementor-widget-text-editor.elementor-drop-cap-view-framed .elementor-drop-cap{color:#818a91;border:3px solid;background-color:transparent}.elementor-widget-text-editor:not(.elementor-drop-cap-view-default) .elementor-drop-cap{margin-top:8px}.elementor-widget-text-editor:not(.elementor-drop-cap-view-default) .elementor-drop-cap-letter{width:1em;height:1em}.elementor-widget-text-editor .elementor-drop-cap{float:left;text-align:center;line-height:1;font-size:50px}.elementor-widget-text-editor .elementor-drop-cap-letter{display:inline-block}<\/style>\t\t\t\t<h2 style=\"text-align: center;\"><span style=\"color: #000000;\">Conditions g\u00e9n\u00e9rales <\/span><br \/><span style=\"color: #000000;\">et <\/span><br \/><span style=\"color: #000000;\">r\u00e8gles de participation aux activit\u00e9s de<\/span><br \/><span style=\"color: #000000;\">l\u2019Atelier C\u00e9ramique Terre En Sambre. (A.C.T.E.S.) <\/span><\/h2><hr \/><p style=\"text-align: left;\"><span style=\"color: #000000;\">\u00a0<\/span><\/p><p style=\"text-align: left;\"><span style=\"color: #000000;\">En vous inscrivant aux activit\u00e9s propos\u00e9es par l\u2019atelier A.C.T.E.S., vous d\u00e9clarez express\u00e9ment les avoir lues, comprises et accept\u00e9es dans leur int\u00e9gralit\u00e9 et vous vous engagez \u00e0 respecter ces Conditions g\u00e9n\u00e9rales et r\u00e8gles de participation.\u00a0\u00a0 <\/span><\/p><p style=\"text-align: left;\"><span style=\"color: #000000;\">\u00a0<\/span><\/p><p style=\"text-align: left;\"><span style=\"color: #000000;\">Pour que chacun trouve un atelier convivial \u00e0 son arriv\u00e9e, il est demand\u00e9 aux participants de bien vouloir respecter les consignes. Une copie de ce document vous sera envoy\u00e9e par mail et une copie sera affich\u00e9e \u00e0 l\u2019atelier. <\/span><\/p><p style=\"text-align: left;\"><span style=\"color: #000000;\">\u00a0<\/span><\/p><p style=\"text-align: left;\"><span style=\"color: #000000;\">Le site internet www.atelierceramiqueterreensambre.be est la propri\u00e9t\u00e9 de l\u2019Atelier c\u00e9ramique terre en sambre.<\/span><\/p><p style=\"text-align: left;\"><span style=\"color: #000000;\">Les activit\u00e9s, cours, ateliers se donnent \u00e0 Moustier\/sur\/sambre, rue du moulin, 32.<\/span><br \/><span style=\"color: #000000;\">Les documents, textes et photos consultables sur notre Site ne sont pas contractuels et ne nous engagent pas.<\/span><br \/><span style=\"color: #000000;\">La nullit\u00e9 d\u2019une clause des pr\u00e9sentes conditions g\u00e9n\u00e9rales n\u2019affectera pas la validit\u00e9 des autres clauses.<\/span><\/p><p style=\"text-align: left;\"><strong><span style=\"text-decoration: underline;\"><span style=\"color: #000000; text-decoration: underline;\">\u00a0<\/span><\/span><\/strong><\/p><p style=\"text-align: left;\"><strong><span style=\"text-decoration: underline;\"><span style=\"color: #000000; text-decoration: underline;\">Inscription et paiement.<\/span><\/span><\/strong><\/p><p style=\"text-align: left;\"><span style=\"color: #000000;\">L\u2019inscription devient d\u00e9finitive apr\u00e8s confirmation des 2 parties. Notre confirmation fera suite \u00e0 l&rsquo;envoi de la feuille d&rsquo;inscription, ainsi que le paiement de la totalit\u00e9 du prix de l\u2019activit\u00e9 choisie par le client. Le paiement est \u00e0 effectuer sur le compte bancaire de l\u2019atelier avec en communication la mention : \u00ab nom et pr\u00e9nom \u00bb + intitul\u00e9 de l\u2019activit\u00e9 \u00bb. Sans paiement du prix de l\u2019activit\u00e9 de votre part dans les 10 jours \u00e0 dater du jour de l\u2019envoi de la fiche d\u2019inscription, votre inscription sera annul\u00e9e et la place sera attribu\u00e9e \u00e0 une autre personne. Le compte bancaire vous sera communiqu\u00e9 par mail.<\/span><br \/><span style=\"color: #000000;\">Toutes nos offres sont valables dans la limite des places disponibles et sous r\u00e9serve d\u2019erreurs typographiques. L\u2019A.C.T.E.S se r\u00e9serve le droit de modifier ses prix \u00e0 tout moment.<\/span><br \/><span style=\"color: #000000;\">L\u2019apprenant s\u2019engage \u00e0 RESPECTER les dates r\u00e9serv\u00e9es de par sa pr\u00e9sence.<\/span><br \/><span style=\"color: #000000;\">Pour les mineurs d\u2019\u00e2ge, le formulaire d\u2019inscription est compl\u00e9t\u00e9 par les parents ou les repr\u00e9sentants l\u00e9gaux. Le formulaire d\u2019inscription confirme l\u2019acceptation du pr\u00e9sent r\u00e8glement.<\/span><br \/><span style=\"color: #000000;\">Le co\u00fbt des cuissons basses et hautes temp\u00e9ratures ainsi que la terre ne sont pas compris, sauf dans le cadre de certaines activit\u00e9s sp\u00e9cifiques d\u00e9termin\u00e9es par le responsable de l\u2019Atelier.<\/span><\/p><p>\u00a0<\/p><p><strong><span style=\"text-decoration: underline;\"><span style=\"color: #000000; text-decoration: underline;\">Annulation.<\/span><\/span><\/strong><\/p><p><span style=\"color: #000000;\"><span style=\"text-decoration: underline;\">\u00a0Annulation par l\u2019Atelier c\u00e9ramique terre en sambre (A.C.T.E.S)<\/span> <\/span><br \/><span style=\"color: #000000;\">A.C.T.E.S peut annuler une activit\u00e9 programm\u00e9e \u00e0 tout moment mais est tenu \u00e0 en informer les personnes inscrites au plus vite et au moins 10 jours avant le d\u00e9but de l\u2019activit\u00e9. En cas d\u2019annulation, les montants d\u00e9j\u00e0 vers\u00e9s par les personnes inscrites leur seront int\u00e9gralement revers\u00e9s.<\/span><br \/><span style=\"color: #000000;\">Si A.C.T.E.S ne pouvait ex\u00e9cuter ses obligations pour cause de force majeure end\u00e9ans les 10 jours avant le d\u00e9but d\u2019une activit\u00e9 ou durant celle-ci, il devra en avertir imm\u00e9diatement le participant \u00e0 l\u2019activit\u00e9 annul\u00e9e par la voie la plus rapide.<\/span><br \/><span style=\"color: #000000;\">Dans le chef de l\u2019atelier, tous les \u00e9v\u00e9nements ou circonstances impr\u00e9visibles (gr\u00e8ve, tensions internationales ou nationales, guerres, \u00e9meutes, troubles civils, inondations, incendie, etc) sont \u00e0 consid\u00e9rer comme des hypoth\u00e8ses de force majeure lorsqu\u2019elles ont pour effet de retarder ou de rendre difficile l\u2019ex\u00e9cution du contrat. L\u2019\u00e9num\u00e9ration des circonstances ci-dessus n\u2019est pas exhaustive.<\/span><\/p><p>\u00a0<\/p><p><span style=\"color: #000000;\"><span style=\"text-decoration: underline;\">Annulation par une personne inscrite \u00e0 une activit\u00e9 ou atelier<\/span> <\/span><br \/><span style=\"color: #000000;\">Si une personne d\u00e9j\u00e0 inscrite \u00e0 une activit\u00e9 souhaite se d\u00e9sinscrire, elle est tenue de pr\u00e9venir l\u2019 A.C.T.E.S le plus rapidement possible afin de permettre \u00e0 d\u2019autres personnes de participer.<\/span><br \/><span style=\"color: #000000;\">Sauf cas de force majeure (*), si l\u2019annulation intervient plus de 15 jours avant le d\u00e9but de l\u2019activit\u00e9, une somme forfaitaire correspondant \u00e0 20 % du montant global de l\u2019activit\u00e9, sera pr\u00e9lev\u00e9e \u00e0 titre de frais administratifs, frais fixes et d\u2019assurance. Aucun remboursement de sommes d\u00e9j\u00e0 pay\u00e9es ne pourra intervenir si l\u2019annulation intervient end\u00e9ans les 15 jours avant le d\u00e9but de l\u2019activit\u00e9, sauf cas de force majeure.<\/span><br \/><span style=\"color: #000000;\">Sauf cas de force majeure, les activit\u00e9s manqu\u00e9es ne sont pas rembours\u00e9es et une activit\u00e9 d\u00e9but\u00e9e est une activit\u00e9 non rembours\u00e9e.<\/span><br \/><span style=\"color: #000000;\">Le cas de force majeure donnant droit \u00e0 un remboursement doit \u00eatre justifi\u00e9 par une attestation \u00e9crite et valable. La force majeure peut \u00eatre invoqu\u00e9e par le participant que dans des circonstances enti\u00e8rement impr\u00e9visibles et in\u00e9vitables, qui ne peuvent lui \u00eatre imput\u00e9es d\u2019aucune mani\u00e8re : accident, hospitalisation ou d\u00e9c\u00e8s, par exemple, sont \u00e0 consid\u00e9rer comme des hypoth\u00e8ses de force majeure. L\u2019\u00e9num\u00e9ration des circonstances ci-dessus n\u2019est pas exhaustive.<\/span><\/p><p>\u00a0<\/p><p><strong><span style=\"text-decoration: underline;\"><span style=\"color: #000000; text-decoration: underline;\">Philosophie de nos activit\u00e9s.<\/span><\/span><\/strong><\/p><p><span style=\"color: #000000;\">Nos activit\u00e9s ne sont pas con\u00e7ues pour \u00ab\u00a0faire de la production\u00a0\u00bb. Lors des stages et ateliers, diff\u00e9rentes techniques sont enseign\u00e9es, et le but est que chaque stagiaire s&rsquo;essaye \u00e0 chacune de ces techniques, afin qu&rsquo;il\/elle puisse s&rsquo;exercer ensuite \u00e0 la technique qu&rsquo;il\/elle pr\u00e9f\u00e8re. Seul, la r\u00e9alisation du ou des pi\u00e8ces mise en \u0153uvre durant les ateliers sera prise en compte pour la cuisson au four. Toute pi\u00e8ce reprise ou achev\u00e9e en dehors de l\u2019atelier ne sera pas mise en cuisson.<\/span><br \/><span style=\"color: #000000;\">Aucune vid\u00e9o ou photo ne peut \u00eatre prise lors des stages ou ateliers sans l\u2019accord du responsable de l\u2019Atelier c\u00e9ramique terre en sambre. <\/span><br \/><span style=\"color: #000000;\">Il est interdit de diffuser ou de partager les informations et techniques apprises lors des stages donn\u00e9s par l\u2019Atelier c\u00e9ramique terre en sambre sur quelques r\u00e9seaux que ce soit.<\/span><\/p><p><br \/><span style=\"color: #000000;\"><em>R\u00e9cup\u00e9ration des c\u00e9ramiques r\u00e9alis\u00e9es en atelier ou stage<\/em> :<\/span><br \/><span style=\"color: #000000;\">D\u00e8s que les pi\u00e8ces sont pr\u00eates (apr\u00e8s cuisson), les participants re\u00e7oivent un e-mail\/sms pour les avertir qu&rsquo;ils peuvent reprendre leurs travaux. Les pi\u00e8ces restent disponibles pendant maximum 1 mois apr\u00e8s cet avis. Pass\u00e9 ce d\u00e9lai, elles deviennent propri\u00e9t\u00e9 de l&rsquo;atelier. Le stockage des travaux de tant d&rsquo;ateliers et de stages ne nous est pas possible \u00e0 plus long terme.<\/span><\/p><p>\u00a0<\/p><p><em><span style=\"color: #000000;\">Divers.<\/span><\/em><\/p><p><span style=\"color: #000000;\">Les activit\u00e9s de longue dur\u00e9e telles que les ateliers hebdomadaires se d\u00e9veloppent de mani\u00e8re progressive. Il est recommand\u00e9 d\u2019y participer le plus r\u00e9guli\u00e8rement possible. En cas d\u2019absence \u00e0 l\u2019une ou l\u2019autre s\u00e9ance, veuillez en informer le responsable.<\/span><br \/><span style=\"color: #000000;\">Suivant l\u2019activit\u00e9, les participants doivent porter des v\u00eatements ad\u00e9quats.<\/span><br \/><span style=\"color: #000000;\">Pour des raisons d\u2019hygi\u00e8ne, il est interdit de se restaurer dans les locaux des ateliers.<\/span><br \/><span style=\"color: #000000;\">Les v\u00eatements et autres objets oubli\u00e9s apr\u00e8s les cours seront gard\u00e9s un mois. Pass\u00e9 ce d\u00e9lai, ils seront distribu\u00e9s dans le r\u00e9seau de r\u00e9cup\u00e9ration.<\/span><br \/><span style=\"color: #000000;\">A.C.T.E.S d\u00e9cline toute responsabilit\u00e9 pour les objets oubli\u00e9s, perdus ou vol\u00e9s dans le cadre des activit\u00e9s.<\/span><br \/><span style=\"color: #000000;\">L\u2019atelier est \u00e0 votre disposition afin de vous faciliter votre travail de cr\u00e9ation. Les participants sont tenus de respecter le mat\u00e9riel et les instruments qui sont mis \u00e0 leur disposition. <\/span><br \/><span style=\"color: #000000;\">Le dernier quart d\u2019heure avant la fin de l\u2019atelier ou activit\u00e9, sera consacr\u00e9 \u00e0 la remise en ordre de l\u2019atelier et pour nettoyer les outils utilis\u00e9s : plaques de bois, tournettes, seaux d\u2019\u00e9mail bien ferm\u00e9s, fil \u00e0 couper, pinceaux, petits outils\u2026Pensez \u00e0 secouer le drap qui recouvre votre table et nettoyer la table. Les seaux mis \u00e0 votre disposition ne peuvent \u00eatre repris pour votre emploi personnel \u00e0 votre domicile ainsi que tout autre mat\u00e9riel.<\/span><br \/><span style=\"color: #000000;\">Les pi\u00e8ces termin\u00e9es seront descendues et plac\u00e9es selon la demande. Vous devrez reprendre chez vous vos pi\u00e8ces cass\u00e9es et d\u00e9chets de terre \u00e0 la fin de chaque cours. <\/span><br \/><span style=\"color: #000000;\">Une petite biblioth\u00e8que est mise \u00e0 votre disposition. Avant d\u2019utiliser un livre ou autres documents, veuillez-vous assurer que vos mains sont propres. Il vous est demand\u00e9 de ranger apr\u00e8s consultation. Les frais li\u00e9s \u00e0 la suite d\u2019une d\u00e9t\u00e9rioration volontaire seront r\u00e9clam\u00e9s. <\/span><br \/><span style=\"color: #000000;\">Lors de votre dernier atelier, il vous est demand\u00e9 de lib\u00e9rer l\u2019atelier de vos pi\u00e8ces et mat\u00e9riels personnels. Pour des raisons d\u2019organisation, les pi\u00e8ces restantes seront \u00e9vacu\u00e9es \u00e0 la d\u00e9chetterie.<\/span><br \/><span style=\"color: #000000;\">Les activit\u00e9s sont planifi\u00e9es selon l\u2019organisation d\u2019une ann\u00e9e acad\u00e9mique (septembre \u00e0 juin).<\/span><\/p><p>\u00a0<\/p><p><strong><span style=\"text-decoration: underline;\"><span style=\"color: #000000; text-decoration: underline;\">Assurances.<\/span><\/span><\/strong><\/p><p><span style=\"color: #000000;\">Une assurance a \u00e9t\u00e9 souscrite afin de prot\u00e9ger les animateurs et les participants lors des diff\u00e9rentes activit\u00e9s. En cas d\u2019incident, vous recevez automatiquement, par mail, les informations relatives \u00e0 l\u2019ouverture et au suivi du dossier d\u2019assurance.<\/span><br \/><span style=\"color: #000000;\">Cependant, nous ne sommes pas en mesure d\u2019assurer les bris de lunettes et les d\u00e9g\u00e2ts li\u00e9s aux affaires propres aux participants.<\/span><\/p><p><br \/><span style=\"text-decoration: underline;\"><strong><span style=\"color: #000000; text-decoration: underline;\">Respect de la r\u00e9glementation g\u00e9n\u00e9rale sur la protection des donn\u00e9es.<\/span><\/strong><\/span><br \/><span style=\"color: #000000;\">L\u2019Atelier c\u00e9ramique Terre en Sambre s\u2019engage \u00e0 respecter la r\u00e9glementation europ\u00e9enne quant \u00e0 l\u2019utilisation de vos donn\u00e9es personnelles et \u00e0 en garantir toute transparence. En vous inscrivant \u00e0 nos activit\u00e9s, vous nous transmettez des donn\u00e9es \u00e0 caract\u00e8re priv\u00e9 : vos pr\u00e9nom et nom, adresse, num\u00e9ro de t\u00e9l\u00e9phone et adresse email. Ces donn\u00e9es sont strictement confidentielles et ne seront jamais transmises \u00e0 des tiers ; elles ne seront jamais utilis\u00e9es \u00e0 des fins commerciales et serviront uniquement \u00e0 vous informer de nos activit\u00e9s culturelles et artistiques. Elles sont s\u00e9curis\u00e9es et seulement accessibles au responsable de l\u2019atelier.<\/span><br \/><span style=\"color: #000000;\">Si vous le souhaitez, vous pouvez \u00e0 tout moment en prendre connaissance, les modifier ou les effacer en nous contactant. Adresse mail : atelierceramiqueterreensambre@gmx.com<\/span><\/p><p>\u00a0<\/p><p><strong><span style=\"text-decoration: underline;\"><span style=\"color: #000000; text-decoration: underline;\">Utilisation de l\u2019image.<\/span><\/span><\/strong><\/p><p><span style=\"color: #000000;\">L\u2019Atelier c\u00e9ramique Terre en Sambre se r\u00e9serve le droit de prendre des photos et des films et de les utiliser gratuitement dans des brochures, des publications et autres supports. L\u2019inscription \u00e0 nos activit\u00e9s nous autorise \u00e0 utiliser photos et vid\u00e9os prises lors des activit\u00e9s. Ces captations sont r\u00e9alis\u00e9es en vue d\u2019assurer la promotion des activit\u00e9s organis\u00e9es sur son site internet par exemple. Par votre inscription, vous marquez votre accord avec cette disposition. Si vous souhaitez que l\u2019atelier ne publie pas vos photos, vous devez le faire savoir par email \u00e0 l\u2019adresse : atelierceramiqueterreensambre@gmx.com au plus tard pour le 1er jour du cours\/atelier\/activit\u00e9.<\/span><\/p><p>\u00a0<\/p><p><strong><span style=\"color: #000000;\"><span style=\"text-decoration: underline;\">Produits et droits de Propri\u00e9t\u00e9 Intellectuelle<\/span>. <\/span><\/strong><\/p><p><span style=\"color: #000000;\">Votre droit d\u2019utilisation des Produits est strictement personnel, non transf\u00e9rable et non cessible.<\/span><br \/><span style=\"color: #000000;\">Nous restons seul et unique propri\u00e9taire notamment des photos du Site, des illustrations ou des sch\u00e9mas, et autres \u00e9l\u00e9ments du Site, ainsi que des marques, noms commerciaux, noms de domaine, logos, etc. qui y sont mentionn\u00e9s.<\/span><br \/><span style=\"color: #000000;\">En aucun cas, que ce soit partiellement ou totalement, vous ne pouvez les commercialiser, c\u00e9der, diffuser, distribuer, reproduire, publier sur quel que support que ce soit, modifier, adapter, d\u00e9griffer, imiter, traduire, copier, exploiter de quelle que mani\u00e8re que ce soit et par qui que ce soit, sans notre accord pr\u00e9alable et \u00e9crit.<\/span><br \/><span style=\"color: #000000;\">Dans le cas o\u00f9 vous achetez les Produits dans un cadre professionnel et\/ou dans le but de les revendre, ce droit ne pourra vous \u00eatre octroy\u00e9 par nous que par une mention \u00e9crite dans tout document \u00e9manant de l\u2019atelier ou dans un contrat de distribution.<\/span><br \/><span style=\"color: #000000;\">Il est autoris\u00e9 de cr\u00e9er, sans nous en faire de demande pr\u00e9alable, des liens en surface (surface linking) qui renvoient \u00e0 la page d\u2019accueil ou \u00e0 toute autre page de notre Site. Par contre, le recours \u00e0 toutes techniques visant \u00e0 inclure tout ou partie de ce site web dans un site Internet en masquant ne serait-ce que partiellement l\u2019origine exacte de l\u2019information ou pouvant pr\u00eater \u00e0 confusion sur l\u2019origine de l\u2019information, telle que le framing ou l\u2019in-lining, requiert notre autorisation \u00e9crite et pr\u00e9alable.<\/span><br \/><span style=\"color: #000000;\">Toute atteinte aux droits de propri\u00e9t\u00e9 intellectuelle pourra donner lieu \u00e0 des poursuites judiciaires.<\/span><\/p><p>\u00a0<\/p><p><strong><span style=\"text-decoration: underline;\"><span style=\"color: #000000; text-decoration: underline;\">Droit applicable et juridiction comp\u00e9tente.<\/span><\/span><\/strong><\/p><p><span style=\"color: #000000;\">Le droit belge est applicable \u00e0 toutes les relations juridiques impliquant l\u2019Atelier C\u00e9ramique Terre en Sambre. Le tribunal comp\u00e9tent est celui de Namur.<\/span><\/p><p>\u00a0<\/p>\t\t\t\t\t\t<\/div>\n\t\t\t\t<\/div>\n\t\t\t\t\t<\/div>\n\t\t<\/div>\n\t\t\t\t\t\t\t<\/div>\n\t\t<\/section>\n\t\t\t\t\t\t\t<\/div>\n\t\t","protected":false},"excerpt":{"rendered":"<p>Conditions g\u00e9n\u00e9rales et r\u00e8gles de participation aux activit\u00e9s del\u2019Atelier C\u00e9ramique Terre En Sambre. (A.C.T.E.S.) \u00a0 En vous inscrivant aux activit\u00e9s propos\u00e9es par l\u2019atelier A.C.T.E.S., vous d\u00e9clarez express\u00e9ment les avoir lues, comprises et accept\u00e9es dans leur int\u00e9gralit\u00e9 et vous vous engagez \u00e0 respecter ces Conditions g\u00e9n\u00e9rales et r\u00e8gles de participation.\u00a0\u00a0 \u00a0 Pour que chacun trouve un [&hellip;]<\/p>\n","protected":false},"author":1,"featured_media":0,"parent":0,"menu_order":0,"comment_status":"closed","ping_status":"closed","template":"","meta":{"footnotes":""},"class_list":["post-262","page","type-page","status-publish","hentry","entry"],"_links":{"self":[{"href":"https:\/\/atelierceramiqueterreensambre.be\/index.php?rest_route=\/wp\/v2\/pages\/262","targetHints":{"allow":["GET"]}}],"collection":[{"href":"https:\/\/atelierceramiqueterreensambre.be\/index.php?rest_route=\/wp\/v2\/pages"}],"about":[{"href":"https:\/\/atelierceramiqueterreensambre.be\/index.php?rest_route=\/wp\/v2\/types\/page"}],"author":[{"embeddable":true,"href":"https:\/\/atelierceramiqueterreensambre.be\/index.php?rest_route=\/wp\/v2\/users\/1"}],"replies":[{"embeddable":true,"href":"https:\/\/atelierceramiqueterreensambre.be\/index.php?rest_route=%2Fwp%2Fv2%2Fcomments&post=262"}],"version-history":[{"count":16,"href":"https:\/\/atelierceramiqueterreensambre.be\/index.php?rest_route=\/wp\/v2\/pages\/262\/revisions"}],"predecessor-version":[{"id":1013,"href":"https:\/\/atelierceramiqueterreensambre.be\/index.php?rest_route=\/wp\/v2\/pages\/262\/revisions\/1013"}],"wp:attachment":[{"href":"https:\/\/atelierceramiqueterreensambre.be\/index.php?rest_route=%2Fwp%2Fv2%2Fmedia&parent=262"}],"curies":[{"name":"wp","href":"https:\/\/api.w.org\/{rel}","templated":true}]}}